{"id":1630,"date":"2024-04-09T12:43:26","date_gmt":"2024-04-09T12:43:26","guid":{"rendered":"https:\/\/www.sauvegarde93.fr\/?post_type=etablissement&#038;p=1498"},"modified":"2026-02-18T16:03:35","modified_gmt":"2026-02-18T16:03:35","slug":"placement-familial-specialise","status":"publish","type":"etablissement","link":"https:\/\/www.sauvegarde93.fr\/?etablissement=pole-accueil\/pole-accueil-familial\/placement-familial-specialise","title":{"rendered":"Le Placement familial sp\u00e9cialis\u00e9"},"content":{"rendered":"<div class=\"wp-block-image\">\n<figure class=\"aligncenter size-large is-resized\"><img loading=\"lazy\" decoding=\"async\" width=\"1024\" height=\"683\" src=\"https:\/\/www.sauvegarde93.fr\/wp-content\/uploads\/2025\/01\/Enfant-pole-accueil-familial-1024x683.jpg\" alt=\"Enfants du p\u00f4le accueil familial\" class=\"wp-image-3586\" style=\"object-fit:cover;width:400px;height:200px\" srcset=\"https:\/\/www.sauvegarde93.fr\/wp-content\/uploads\/2025\/01\/Enfant-pole-accueil-familial-1024x683.jpg 1024w, https:\/\/www.sauvegarde93.fr\/wp-content\/uploads\/2025\/01\/Enfant-pole-accueil-familial-300x200.jpg 300w, https:\/\/www.sauvegarde93.fr\/wp-content\/uploads\/2025\/01\/Enfant-pole-accueil-familial-768x512.jpg 768w, https:\/\/www.sauvegarde93.fr\/wp-content\/uploads\/2025\/01\/Enfant-pole-accueil-familial-1536x1024.jpg 1536w, https:\/\/www.sauvegarde93.fr\/wp-content\/uploads\/2025\/01\/Enfant-pole-accueil-familial-2048x1365.jpg 2048w\" sizes=\"auto, (max-width: 1024px) 100vw, 1024px\" \/><\/figure>\n<\/div>\n\n\n<p>Il concerne les enfants de 0 \u00e0 18 ans (au moment de l\u2019admission) en situation de grave danger chez leurs parents. Contrairement \u00e0 <a href=\"https:\/\/www.sauvegarde93.fr\/?etablissement=pole-accueil-familial%2Faccueil-partage\">l\u2019Accueil Partag\u00e9<\/a>, le placement est continu et n\u2019alterne pas (sauf exception) de s\u00e9jours chez les parents.<\/p>\n\n\n\n<p><strong><mark style=\"background-color:rgba(0, 0, 0, 0)\" class=\"has-inline-color has-accent-color\">Un contexte de souffrance familiale<\/mark><\/strong><\/p>\n\n\n\n<p>Enfants et parents sont souvent en&nbsp;<strong>grande d\u00e9tresse sociale et psychique<\/strong>, ce qui justifie une s\u00e9paration continue. L\u2019accueil des enfants ou adolescents se fait chez des assistants familiaux salari\u00e9s du service.<\/p>\n\n\n\n<p>Dans la plupart des cas, des droits de visite sont accord\u00e9s, l\u2019autorit\u00e9 parentale est pr\u00e9serv\u00e9e et les parents sont consult\u00e9s pour toutes les&nbsp;<strong>d\u00e9cisions importantes<\/strong>&nbsp;qui concernent leurs enfants.<\/p>\n\n\n\n<p><strong>Suivi \u00e9ducatif et lien avec la famille<\/strong><\/p>\n\n\n\n<p>L\u2019\u00e9quipe \u00e9ducative rencontre les parents ou au service et assure des visites m\u00e9diatis\u00e9es ou encadr\u00e9es, en pr\u00e9sence d\u2019un tiers, au sein du service. La dur\u00e9e du placement est&nbsp;<strong>en moyenne de 6 ans<\/strong>. Elle est fonction de l\u2019\u00e9volution du jeune et de la capacit\u00e9 des parents \u00e0 retrouver pleinement leur r\u00f4le de parents.<\/p>\n\n\n\n<p><strong><mark style=\"background-color:rgba(0, 0, 0, 0)\" class=\"has-inline-color has-accent-color\">Valeurs et principes \u00e9ducatifs<\/mark><\/strong><\/p>\n\n\n\n<p>Le Placement Familial Sp\u00e9cialis\u00e9 repose sur des&nbsp;<strong>valeurs<\/strong>&nbsp;et des&nbsp;<strong>principes \u00e9ducatifs<\/strong>&nbsp;clairs&nbsp;:<\/p>\n\n\n\n<ul class=\"wp-block-list\">\n<li>La protection de l\u2019enfant, en lui garantissant un cadre d\u2019accueil s\u00e9curisant et adapt\u00e9 \u00e0 ses besoins<\/li>\n\n\n\n<li>Le soutien des parents dans leur r\u00f4le (gr\u00e2ce aux diff\u00e9rents entretiens et aux liens maintenus avec eux)<\/li>\n\n\n\n<li>Le maintien et l\u2019am\u00e9lioration des relations parents-enfants (visites m\u00e9diatis\u00e9es ou encadr\u00e9es et, quand cela est possible, droits de visite et d\u2019h\u00e9bergement).<\/li>\n<\/ul>\n\n\n\n<p>L\u2019objectif est de permettre le retour de l\u2019enfant chez ses parents, d\u00e8s que les&nbsp;<strong>conditions de s\u00e9curit\u00e9<\/strong>, de&nbsp;<strong>bien-\u00eatre<\/strong>&nbsp;et d\u2019<strong>\u00e9ducation<\/strong>&nbsp;pour lui sont \u00e0 nouveau r\u00e9unies.<\/p>\n\n\n\n<p>Notre p\u00f4le travaille en \u00e9troite collaboration avec le service <a href=\"https:\/\/seinesaintdenis.fr\/enfance-education-jeunesse\/prevention-et-protection-de-l-enfance\/article\/l-aide-sociale-a-l-enfance\">d&rsquo;Aide social \u00e0 l&rsquo;enfance du d\u00e9partement de Seine-Saint-Denis.<\/a><\/p>\n\n\n\n<p><strong>Chefs de service : Vanessa BARREAU &#8211; Le\u00efla SOUKEHAL<\/strong><br><strong>235 avenue Jean Jaur\u00e8s <\/strong><br><strong>93000 Bobigny<\/strong><br><strong>Tel&nbsp;: 01 48 96 24 64<\/strong><br><strong>Mail&nbsp;: <a href=\"mailto:pfs@sauvegarde93.fr\">pfs@sauvegarde93.fr<\/a><\/strong><\/p>\n","protected":false},"excerpt":{"rendered":"<p>Il concerne les enfants de 0 \u00e0 18 ans (au moment de l\u2019admission) en situation de grave danger chez leurs parents. Contrairement \u00e0 l\u2019Accueil Partag\u00e9, le placement est continu et n\u2019alterne pas (sauf exception) de s\u00e9jours chez les parents. Un contexte de souffrance familiale Enfants et parents sont souvent en&nbsp;grande d\u00e9tresse sociale et psychique, ce &#8230; <a title=\"Le Placement familial sp\u00e9cialis\u00e9\" class=\"read-more\" href=\"https:\/\/www.sauvegarde93.fr\/?etablissement=pole-accueil\/pole-accueil-familial\/placement-familial-specialise\" aria-label=\"En savoir plus sur Le Placement familial sp\u00e9cialis\u00e9\">Lire la suite<\/a><\/p>\n","protected":false},"featured_media":0,"parent":6619,"menu_order":0,"template":"","format":"standard","meta":{"_acf_changed":false},"mission":[3],"pole":[10],"class_list":["post-1630","etablissement","type-etablissement","status-publish","format-standard","hentry","mission-enfance","pole-paf"],"acf":[],"yoast_head":"<!-- This site is optimized with the Yoast SEO plugin v27.3 - https:\/\/yoast.com\/product\/yoast-seo-wordpress\/ -->\n<title>Placement familial sp\u00e9cialis\u00e9 - P\u00f4le accueil familial<\/title>\n<meta name=\"description\" content=\"Le placement familial sp\u00e9cialis\u00e9, concerne les enfants de 0 \u00e0 18 ans en situation de grave danger chez leurs parents\" \/>\n<meta name=\"robots\" content=\"index, follow, max-snippet:-1, max-image-preview:large, max-video-preview:-1\" \/>\n<link rel=\"canonical\" href=\"https:\/\/www.sauvegarde93.fr\/?etablissement=pole-accueil\/pole-accueil-familial\/placement-familial-specialise\" \/>\n<meta property=\"og:locale\" content=\"fr_FR\" \/>\n<meta property=\"og:type\" content=\"article\" \/>\n<meta property=\"og:title\" content=\"Placement familial sp\u00e9cialis\u00e9 - P\u00f4le accueil familial\" \/>\n<meta property=\"og:description\" content=\"Le placement familial sp\u00e9cialis\u00e9, concerne les enfants de 0 \u00e0 18 ans en situation de grave danger chez leurs parents\" \/>\n<meta property=\"og:url\" content=\"https:\/\/www.sauvegarde93.fr\/?etablissement=pole-accueil\/pole-accueil-familial\/placement-familial-specialise\" \/>\n<meta property=\"og:site_name\" content=\"Sauvegarde de Seine-Saint-Denis\" \/>\n<meta property=\"article:modified_time\" content=\"2026-02-18T16:03:35+00:00\" \/>\n<meta property=\"og:image\" content=\"https:\/\/www.sauvegarde93.fr\/wp-content\/uploads\/2025\/01\/Enfant-pole-accueil-familial-scaled.jpg\" \/>\n\t<meta property=\"og:image:width\" content=\"2560\" \/>\n\t<meta property=\"og:image:height\" content=\"1707\" \/>\n\t<meta property=\"og:image:type\" content=\"image\/jpeg\" \/>\n<meta name=\"twitter:card\" content=\"summary_large_image\" \/>\n<meta name=\"twitter:label1\" content=\"Dur\u00e9e de lecture estim\u00e9e\" \/>\n\t<meta name=\"twitter:data1\" content=\"2 minutes\" \/>\n<script type=\"application\/ld+json\" class=\"yoast-schema-graph\">{\"@context\":\"https:\\\/\\\/schema.org\",\"@graph\":[{\"@type\":\"WebPage\",\"@id\":\"https:\\\/\\\/www.sauvegarde93.fr\\\/?etablissement=pole-accueil\\\/pole-accueil-familial\\\/placement-familial-specialise\",\"url\":\"https:\\\/\\\/www.sauvegarde93.fr\\\/?etablissement=pole-accueil\\\/pole-accueil-familial\\\/placement-familial-specialise\",\"name\":\"Placement familial sp\u00e9cialis\u00e9 - P\u00f4le accueil familial\",\"isPartOf\":{\"@id\":\"https:\\\/\\\/www.sauvegarde93.fr\\\/#website\"},\"primaryImageOfPage\":{\"@id\":\"https:\\\/\\\/www.sauvegarde93.fr\\\/?etablissement=pole-accueil\\\/pole-accueil-familial\\\/placement-familial-specialise#primaryimage\"},\"image\":{\"@id\":\"https:\\\/\\\/www.sauvegarde93.fr\\\/?etablissement=pole-accueil\\\/pole-accueil-familial\\\/placement-familial-specialise#primaryimage\"},\"thumbnailUrl\":\"https:\\\/\\\/www.sauvegarde93.fr\\\/wp-content\\\/uploads\\\/2025\\\/01\\\/Enfant-pole-accueil-familial-1024x683.jpg\",\"datePublished\":\"2024-04-09T12:43:26+00:00\",\"dateModified\":\"2026-02-18T16:03:35+00:00\",\"description\":\"Le placement familial sp\u00e9cialis\u00e9, concerne les enfants de 0 \u00e0 18 ans en situation de grave danger chez leurs parents\",\"breadcrumb\":{\"@id\":\"https:\\\/\\\/www.sauvegarde93.fr\\\/?etablissement=pole-accueil\\\/pole-accueil-familial\\\/placement-familial-specialise#breadcrumb\"},\"inLanguage\":\"fr-FR\",\"potentialAction\":[{\"@type\":\"ReadAction\",\"target\":[\"https:\\\/\\\/www.sauvegarde93.fr\\\/?etablissement=pole-accueil\\\/pole-accueil-familial\\\/placement-familial-specialise\"]}]},{\"@type\":\"ImageObject\",\"inLanguage\":\"fr-FR\",\"@id\":\"https:\\\/\\\/www.sauvegarde93.fr\\\/?etablissement=pole-accueil\\\/pole-accueil-familial\\\/placement-familial-specialise#primaryimage\",\"url\":\"https:\\\/\\\/www.sauvegarde93.fr\\\/wp-content\\\/uploads\\\/2025\\\/01\\\/Enfant-pole-accueil-familial-scaled.jpg\",\"contentUrl\":\"https:\\\/\\\/www.sauvegarde93.fr\\\/wp-content\\\/uploads\\\/2025\\\/01\\\/Enfant-pole-accueil-familial-scaled.jpg\",\"width\":2560,\"height\":1707,\"caption\":\"Enfants du p\u00f4le accueil familial\"},{\"@type\":\"BreadcrumbList\",\"@id\":\"https:\\\/\\\/www.sauvegarde93.fr\\\/?etablissement=pole-accueil\\\/pole-accueil-familial\\\/placement-familial-specialise#breadcrumb\",\"itemListElement\":[{\"@type\":\"ListItem\",\"position\":1,\"name\":\"Accueil\",\"item\":\"https:\\\/\\\/www.sauvegarde93.fr\\\/\"},{\"@type\":\"ListItem\",\"position\":2,\"name\":\"\u00c9tablissements\",\"item\":\"https:\\\/\\\/www.sauvegarde93.fr\\\/?post_type=etablissement\"},{\"@type\":\"ListItem\",\"position\":3,\"name\":\"P\u00f4le accueil\",\"item\":\"https:\\\/\\\/www.sauvegarde93.fr\\\/?etablissement=pole-accueil\"},{\"@type\":\"ListItem\",\"position\":4,\"name\":\"Accueil familial\",\"item\":\"https:\\\/\\\/www.sauvegarde93.fr\\\/?etablissement=pole-accueil\\\/pole-accueil-familial\"},{\"@type\":\"ListItem\",\"position\":5,\"name\":\"Le Placement familial sp\u00e9cialis\u00e9\"}]},{\"@type\":\"WebSite\",\"@id\":\"https:\\\/\\\/www.sauvegarde93.fr\\\/#website\",\"url\":\"https:\\\/\\\/www.sauvegarde93.fr\\\/\",\"name\":\"Sauvegarde de Seine-Saint-Denis\",\"description\":\"Association de protection de l\u2019enfance, de l\u2019adolescence et de l\u2019adulte\",\"publisher\":{\"@id\":\"https:\\\/\\\/www.sauvegarde93.fr\\\/#organization\"},\"potentialAction\":[{\"@type\":\"SearchAction\",\"target\":{\"@type\":\"EntryPoint\",\"urlTemplate\":\"https:\\\/\\\/www.sauvegarde93.fr\\\/?s={search_term_string}\"},\"query-input\":{\"@type\":\"PropertyValueSpecification\",\"valueRequired\":true,\"valueName\":\"search_term_string\"}}],\"inLanguage\":\"fr-FR\"},{\"@type\":\"Organization\",\"@id\":\"https:\\\/\\\/www.sauvegarde93.fr\\\/#organization\",\"name\":\"Sauvegarde de Seine-Saint-Denis\",\"url\":\"https:\\\/\\\/www.sauvegarde93.fr\\\/\",\"logo\":{\"@type\":\"ImageObject\",\"inLanguage\":\"fr-FR\",\"@id\":\"https:\\\/\\\/www.sauvegarde93.fr\\\/#\\\/schema\\\/logo\\\/image\\\/\",\"url\":\"https:\\\/\\\/www.sauvegarde93.fr\\\/wp-content\\\/uploads\\\/2024\\\/04\\\/logo_S93.png\",\"contentUrl\":\"https:\\\/\\\/www.sauvegarde93.fr\\\/wp-content\\\/uploads\\\/2024\\\/04\\\/logo_S93.png\",\"width\":209,\"height\":92,\"caption\":\"Sauvegarde de Seine-Saint-Denis\"},\"image\":{\"@id\":\"https:\\\/\\\/www.sauvegarde93.fr\\\/#\\\/schema\\\/logo\\\/image\\\/\"},\"sameAs\":[\"https:\\\/\\\/www.linkedin.com\\\/company\\\/sauvegarde-de-seine-saint-denis\\\/\"]}]}<\/script>\n<!-- \/ Yoast SEO plugin. -->","yoast_head_json":{"title":"Placement familial sp\u00e9cialis\u00e9 - P\u00f4le accueil familial","description":"Le placement familial sp\u00e9cialis\u00e9, concerne les enfants de 0 \u00e0 18 ans en situation de grave danger chez leurs parents","robots":{"index":"index","follow":"follow","max-snippet":"max-snippet:-1","max-image-preview":"max-image-preview:large","max-video-preview":"max-video-preview:-1"},"canonical":"https:\/\/www.sauvegarde93.fr\/?etablissement=pole-accueil\/pole-accueil-familial\/placement-familial-specialise","og_locale":"fr_FR","og_type":"article","og_title":"Placement familial sp\u00e9cialis\u00e9 - P\u00f4le accueil familial","og_description":"Le placement familial sp\u00e9cialis\u00e9, concerne les enfants de 0 \u00e0 18 ans en situation de grave danger chez leurs parents","og_url":"https:\/\/www.sauvegarde93.fr\/?etablissement=pole-accueil\/pole-accueil-familial\/placement-familial-specialise","og_site_name":"Sauvegarde de Seine-Saint-Denis","article_modified_time":"2026-02-18T16:03:35+00:00","og_image":[{"width":2560,"height":1707,"url":"https:\/\/www.sauvegarde93.fr\/wp-content\/uploads\/2025\/01\/Enfant-pole-accueil-familial-scaled.jpg","type":"image\/jpeg"}],"twitter_card":"summary_large_image","twitter_misc":{"Dur\u00e9e de lecture estim\u00e9e":"2 minutes"},"schema":{"@context":"https:\/\/schema.org","@graph":[{"@type":"WebPage","@id":"https:\/\/www.sauvegarde93.fr\/?etablissement=pole-accueil\/pole-accueil-familial\/placement-familial-specialise","url":"https:\/\/www.sauvegarde93.fr\/?etablissement=pole-accueil\/pole-accueil-familial\/placement-familial-specialise","name":"Placement familial sp\u00e9cialis\u00e9 - P\u00f4le accueil familial","isPartOf":{"@id":"https:\/\/www.sauvegarde93.fr\/#website"},"primaryImageOfPage":{"@id":"https:\/\/www.sauvegarde93.fr\/?etablissement=pole-accueil\/pole-accueil-familial\/placement-familial-specialise#primaryimage"},"image":{"@id":"https:\/\/www.sauvegarde93.fr\/?etablissement=pole-accueil\/pole-accueil-familial\/placement-familial-specialise#primaryimage"},"thumbnailUrl":"https:\/\/www.sauvegarde93.fr\/wp-content\/uploads\/2025\/01\/Enfant-pole-accueil-familial-1024x683.jpg","datePublished":"2024-04-09T12:43:26+00:00","dateModified":"2026-02-18T16:03:35+00:00","description":"Le placement familial sp\u00e9cialis\u00e9, concerne les enfants de 0 \u00e0 18 ans en situation de grave danger chez leurs parents","breadcrumb":{"@id":"https:\/\/www.sauvegarde93.fr\/?etablissement=pole-accueil\/pole-accueil-familial\/placement-familial-specialise#breadcrumb"},"inLanguage":"fr-FR","potentialAction":[{"@type":"ReadAction","target":["https:\/\/www.sauvegarde93.fr\/?etablissement=pole-accueil\/pole-accueil-familial\/placement-familial-specialise"]}]},{"@type":"ImageObject","inLanguage":"fr-FR","@id":"https:\/\/www.sauvegarde93.fr\/?etablissement=pole-accueil\/pole-accueil-familial\/placement-familial-specialise#primaryimage","url":"https:\/\/www.sauvegarde93.fr\/wp-content\/uploads\/2025\/01\/Enfant-pole-accueil-familial-scaled.jpg","contentUrl":"https:\/\/www.sauvegarde93.fr\/wp-content\/uploads\/2025\/01\/Enfant-pole-accueil-familial-scaled.jpg","width":2560,"height":1707,"caption":"Enfants du p\u00f4le accueil familial"},{"@type":"BreadcrumbList","@id":"https:\/\/www.sauvegarde93.fr\/?etablissement=pole-accueil\/pole-accueil-familial\/placement-familial-specialise#breadcrumb","itemListElement":[{"@type":"ListItem","position":1,"name":"Accueil","item":"https:\/\/www.sauvegarde93.fr\/"},{"@type":"ListItem","position":2,"name":"\u00c9tablissements","item":"https:\/\/www.sauvegarde93.fr\/?post_type=etablissement"},{"@type":"ListItem","position":3,"name":"P\u00f4le accueil","item":"https:\/\/www.sauvegarde93.fr\/?etablissement=pole-accueil"},{"@type":"ListItem","position":4,"name":"Accueil familial","item":"https:\/\/www.sauvegarde93.fr\/?etablissement=pole-accueil\/pole-accueil-familial"},{"@type":"ListItem","position":5,"name":"Le Placement familial sp\u00e9cialis\u00e9"}]},{"@type":"WebSite","@id":"https:\/\/www.sauvegarde93.fr\/#website","url":"https:\/\/www.sauvegarde93.fr\/","name":"Sauvegarde de Seine-Saint-Denis","description":"Association de protection de l\u2019enfance, de l\u2019adolescence et de l\u2019adulte","publisher":{"@id":"https:\/\/www.sauvegarde93.fr\/#organization"},"potentialAction":[{"@type":"SearchAction","target":{"@type":"EntryPoint","urlTemplate":"https:\/\/www.sauvegarde93.fr\/?s={search_term_string}"},"query-input":{"@type":"PropertyValueSpecification","valueRequired":true,"valueName":"search_term_string"}}],"inLanguage":"fr-FR"},{"@type":"Organization","@id":"https:\/\/www.sauvegarde93.fr\/#organization","name":"Sauvegarde de Seine-Saint-Denis","url":"https:\/\/www.sauvegarde93.fr\/","logo":{"@type":"ImageObject","inLanguage":"fr-FR","@id":"https:\/\/www.sauvegarde93.fr\/#\/schema\/logo\/image\/","url":"https:\/\/www.sauvegarde93.fr\/wp-content\/uploads\/2024\/04\/logo_S93.png","contentUrl":"https:\/\/www.sauvegarde93.fr\/wp-content\/uploads\/2024\/04\/logo_S93.png","width":209,"height":92,"caption":"Sauvegarde de Seine-Saint-Denis"},"image":{"@id":"https:\/\/www.sauvegarde93.fr\/#\/schema\/logo\/image\/"},"sameAs":["https:\/\/www.linkedin.com\/company\/sauvegarde-de-seine-saint-denis\/"]}]}},"_links":{"self":[{"href":"https:\/\/www.sauvegarde93.fr\/index.php?rest_route=\/wp\/v2\/etablissement\/1630","targetHints":{"allow":["GET"]}}],"collection":[{"href":"https:\/\/www.sauvegarde93.fr\/index.php?rest_route=\/wp\/v2\/etablissement"}],"about":[{"href":"https:\/\/www.sauvegarde93.fr\/index.php?rest_route=\/wp\/v2\/types\/etablissement"}],"up":[{"embeddable":true,"href":"https:\/\/www.sauvegarde93.fr\/index.php?rest_route=\/wp\/v2\/etablissement\/6619"}],"wp:attachment":[{"href":"https:\/\/www.sauvegarde93.fr\/index.php?rest_route=%2Fwp%2Fv2%2Fmedia&parent=1630"}],"wp:term":[{"taxonomy":"mission","embeddable":true,"href":"https:\/\/www.sauvegarde93.fr\/index.php?rest_route=%2Fwp%2Fv2%2Fmission&post=1630"},{"taxonomy":"pole","embeddable":true,"href":"https:\/\/www.sauvegarde93.fr\/index.php?rest_route=%2Fwp%2Fv2%2Fpole&post=1630"}],"curies":[{"name":"wp","href":"https:\/\/api.w.org\/{rel}","templated":true}]}}