{"id":1633,"date":"2024-04-09T12:50:06","date_gmt":"2024-04-09T12:50:06","guid":{"rendered":"https:\/\/www.sauvegarde93.fr\/?post_type=etablissement&#038;p=1504"},"modified":"2026-02-18T15:57:07","modified_gmt":"2026-02-18T15:57:07","slug":"service-daccueil-durgence-et-dorientation","status":"publish","type":"etablissement","link":"https:\/\/www.sauvegarde93.fr\/?etablissement=pole-accueil\/service-daccueil-durgence-et-dorientation","title":{"rendered":"Service d\u2019accueil d\u2019urgence et d\u2019orientation"},"content":{"rendered":"<div class=\"wp-block-image\">\n<figure class=\"aligncenter size-large is-resized\"><img loading=\"lazy\" decoding=\"async\" width=\"1024\" height=\"874\" src=\"https:\/\/www.sauvegarde93.fr\/wp-content\/uploads\/2024\/04\/Maison-SAUO-La-Courneuve-1024x874.jpg\" alt=\"SAUO. Service accueil urgence orientation jeunes 13 18 ans\" class=\"wp-image-3571\" style=\"object-fit:cover;width:400px;height:400px\" srcset=\"https:\/\/www.sauvegarde93.fr\/wp-content\/uploads\/2024\/04\/Maison-SAUO-La-Courneuve-1024x874.jpg 1024w, https:\/\/www.sauvegarde93.fr\/wp-content\/uploads\/2024\/04\/Maison-SAUO-La-Courneuve-300x256.jpg 300w, https:\/\/www.sauvegarde93.fr\/wp-content\/uploads\/2024\/04\/Maison-SAUO-La-Courneuve-768x656.jpg 768w, https:\/\/www.sauvegarde93.fr\/wp-content\/uploads\/2024\/04\/Maison-SAUO-La-Courneuve-1536x1312.jpg 1536w, https:\/\/www.sauvegarde93.fr\/wp-content\/uploads\/2024\/04\/Maison-SAUO-La-Courneuve.jpg 1944w\" sizes=\"auto, (max-width: 1024px) 100vw, 1024px\" \/><\/figure>\n<\/div>\n\n\n<p><strong>Ce service d&rsquo;accueil d&rsquo;urgence et d&rsquo;orientation s\u2019adresse \u00e0 des jeunes de Seine-Saint-Denis, adolescentes et adolescents en grande difficult\u00e9 dans leur environnement social et familial, n\u00e9cessitant un h\u00e9bergement d\u2019urgence en court ou moyen s\u00e9jour. Habilit\u00e9 au titre de l\u2019article 375 et de l\u2019ordonnance 45, l\u2019\u00e9tablissement re\u00e7oit des jeunes de 13 \u00e0 18 ans.<\/strong><\/p>\n\n\n\n<p><strong><mark style=\"background-color:rgba(0, 0, 0, 0)\" class=\"has-inline-color has-accent-color\">Fonctionnement du SAUO<\/mark><\/strong><\/p>\n\n\n\n<p>Ouvert&nbsp;<strong>24h\/24 et 365 jours par an<\/strong>, le <a href=\"https:\/\/www.sauvegarde93.fr\/?etablissement=pole-hebergement-durgence\/service-daccueil-durgence-et-dorientation\">SAUO de la Courneuve<\/a> accueille le jeune&nbsp;<strong>sans d\u00e9lai d\u2019attente<\/strong>, de&nbsp;<strong>jour comme de nuit<\/strong>, et&nbsp;<strong>sans condition d\u2019admission<\/strong>. Dans cette p\u00e9riode de crise et de rupture, le service prend en compte ses attentes gr\u00e2ce \u00e0 une pr\u00e9sence et une \u00e9coute par les adultes, mais aussi gr\u00e2ce \u00e0 un cadre de vie structurant.<\/p>\n\n\n\n<p>La dur\u00e9e du placement peut \u00eatre&nbsp;<strong>de 24h renouvelable \u00e0 4 mois<\/strong>, au cours de laquelle on \u00e9value sa situation, afin d\u2019envisager un retour en famille ou une orientation vers une structure d\u2019accueil adapt\u00e9e.<\/p>\n\n\n\n<p><strong><mark style=\"background-color:rgba(0, 0, 0, 0)\" class=\"has-inline-color has-accent-color\">Objectif et mission<\/mark><\/strong><\/p>\n\n\n\n<p>La crise est par d\u00e9finition un \u00e9tat passager, transitoire. La mission du SAUO s\u2019appuie sur plusieurs leviers pour atteindre un objectif simple&nbsp;: permettre au jeune et \u00e0 sa famille de&nbsp;<strong>sortir de la crise<\/strong>&nbsp;et des&nbsp;<strong>difficult\u00e9s<\/strong>&nbsp;et&nbsp;<strong>construire un projet d\u2019avenir<\/strong>.<\/p>\n\n\n\n<p>Pour cela, l\u2019\u00e9quipe du SAUO accompagne cette transition, en offrant d\u2019abord un&nbsp;<strong>lieu d\u2019apaisement<\/strong>, conditions de la r\u00e9flexion. Puis s\u2019engage un travail d\u2019\u00e9coute et de prise de parole avec le jeune et sa famille pour \u00e9laborer les solutions qui s\u2019offrent \u00e0 eux.<\/p>\n\n\n\n<p><strong><mark style=\"background-color:rgba(0, 0, 0, 0)\" class=\"has-inline-color has-accent-color\">Les principes de l\u2019action \u00e9ducative au SAUO<\/mark><\/strong><\/p>\n\n\n\n<p>L\u2019action \u00e9ducative s\u2019inscrit dans la&nbsp;<strong>droite ligne des valeurs du projet associatif<\/strong>&nbsp;de la Sauvegarde de Seine-Saint-Denis&nbsp;:<\/p>\n\n\n\n<ul class=\"wp-block-list\">\n<li>Respect du jeune quel que soit son \u00e2ge (et sa situation)<\/li>\n\n\n\n<li>Prise en compte de sa diff\u00e9rence<\/li>\n\n\n\n<li>Reconnaissance de son potentiel<\/li>\n\n\n\n<li>Responsabilisation&nbsp;: consid\u00e9rer le jeune comme un acteur de son devenir<\/li>\n<\/ul>\n\n\n\n<p>Cr\u00e9\u00e9 il y a plus de 20 ans, le SAUO a acquis une exp\u00e9rience sp\u00e9cifique et un savoir-faire dans l\u2019accueil d\u2019urgence de jeunes adolescents, gar\u00e7ons et filles, en difficult\u00e9. Il apporte une&nbsp;<strong>r\u00e9ponse imm\u00e9diate et constructive<\/strong>&nbsp;\u00e0 tous les adolescents du d\u00e9partement de Seine-Saint-Denis dont la protection, par le recours au placement d\u2019urgence, s\u2019impose.<\/p>\n\n\n\n<p><strong><mark style=\"background-color:rgba(0, 0, 0, 0)\" class=\"has-inline-color has-accent-color\">Plusieurs options d\u2019h\u00e9bergement<\/mark><\/strong><\/p>\n\n\n\n<p>Compos\u00e9 d\u2019une \u00e9quipe \u00e9ducative et de&nbsp;<strong>personnels form\u00e9s, engag\u00e9s et motiv\u00e9s<\/strong>, le service accompagne au quotidien, de jour comme de nuit, ces jeunes en souffrance, pour leur redonner la dignit\u00e9 et les aider \u00e0 se construire une place dans la soci\u00e9t\u00e9.<\/p>\n\n\n\n<p>En mati\u00e8re d\u2019h\u00e9bergement, plusieurs options sont possibles en fonction des situations&nbsp;: en foyer, en r\u00e9sidence ou dans des familles relais. Ce dernier dispositif permet une&nbsp;<strong>prise en charge encore plus individualis\u00e9e<\/strong>&nbsp;de la personne.<\/p>\n\n\n\n<p>Le SAUO travaille en \u00e9troite collaboration avec le service <a href=\"https:\/\/seinesaintdenis.fr\/enfance-education-jeunesse\/prevention-et-protection-de-l-enfance\/article\/l-aide-sociale-a-l-enfance\">d&rsquo;Aide social \u00e0 l&rsquo;enfance du d\u00e9partement de Seine-Saint-Denis.<\/a><\/p>\n\n\n\n<p><strong>Chef de service : <em>en cours de recrutement<\/em><\/strong><br><strong>14 rue Claude Bernard<\/strong> &#8211; <strong>93120 LA COURNEUVE<\/strong><br><strong>Tel\u00a0: 01 48 02 02 60<\/strong><br><strong>Mail\u00a0:\u00a0<\/strong><a href=\"mailto:sauo@sauvegarde93.fr\"><strong>sauo@sauvegarde93.fr<\/strong><\/a><\/p>\n\n\n\n<p><\/p>\n\n\n\n<p><\/p>\n\n\n\n<p><\/p>\n","protected":false},"excerpt":{"rendered":"<p>Ce service d&rsquo;accueil d&rsquo;urgence et d&rsquo;orientation s\u2019adresse \u00e0 des jeunes de Seine-Saint-Denis, adolescentes et adolescents en grande difficult\u00e9 dans leur environnement social et familial, n\u00e9cessitant un h\u00e9bergement d\u2019urgence en court ou moyen s\u00e9jour. Habilit\u00e9 au titre de l\u2019article 375 et de l\u2019ordonnance 45, l\u2019\u00e9tablissement re\u00e7oit des jeunes de 13 \u00e0 18 ans. Fonctionnement du SAUO &#8230; <a title=\"Service d\u2019accueil d\u2019urgence et d\u2019orientation\" class=\"read-more\" href=\"https:\/\/www.sauvegarde93.fr\/?etablissement=pole-accueil\/service-daccueil-durgence-et-dorientation\" aria-label=\"En savoir plus sur Service d\u2019accueil d\u2019urgence et d\u2019orientation\">Lire la suite<\/a><\/p>\n","protected":false},"featured_media":0,"parent":2538,"menu_order":0,"template":"","format":"standard","meta":{"_acf_changed":false},"mission":[3],"pole":[11],"class_list":["post-1633","etablissement","type-etablissement","status-publish","format-standard","hentry","mission-enfance","pole-sauo"],"acf":[],"yoast_head":"<!-- This site is optimized with the Yoast SEO plugin v27.3 - https:\/\/yoast.com\/product\/yoast-seo-wordpress\/ -->\n<title>Service accueil urgence orientation jeunes 13 18 ans<\/title>\n<meta name=\"description\" content=\"Service d&#039;accueil d&#039;urgence, d&#039;orientation et d&#039;h\u00e9bergement pour les jeunes 13 \u00e0 18 ans en grande difficult\u00e9. A la Courneuve.\" \/>\n<meta name=\"robots\" content=\"index, follow, max-snippet:-1, max-image-preview:large, max-video-preview:-1\" \/>\n<link rel=\"canonical\" href=\"https:\/\/www.sauvegarde93.fr\/?etablissement=pole-accueil\/service-daccueil-durgence-et-dorientation\" \/>\n<meta property=\"og:locale\" content=\"fr_FR\" \/>\n<meta property=\"og:type\" content=\"article\" \/>\n<meta property=\"og:title\" content=\"Service accueil urgence orientation jeunes 13 18 ans\" \/>\n<meta property=\"og:description\" content=\"Service d&#039;accueil d&#039;urgence, d&#039;orientation et d&#039;h\u00e9bergement pour les jeunes 13 \u00e0 18 ans en grande difficult\u00e9. A la Courneuve.\" \/>\n<meta property=\"og:url\" content=\"https:\/\/www.sauvegarde93.fr\/?etablissement=pole-accueil\/service-daccueil-durgence-et-dorientation\" \/>\n<meta property=\"og:site_name\" content=\"Sauvegarde de Seine-Saint-Denis\" \/>\n<meta property=\"article:modified_time\" content=\"2026-02-18T15:57:07+00:00\" \/>\n<meta property=\"og:image\" content=\"https:\/\/www.sauvegarde93.fr\/wp-content\/uploads\/2024\/04\/Maison-SAUO-La-Courneuve.jpg\" \/>\n\t<meta property=\"og:image:width\" content=\"1944\" \/>\n\t<meta property=\"og:image:height\" content=\"1660\" \/>\n\t<meta property=\"og:image:type\" content=\"image\/jpeg\" \/>\n<meta name=\"twitter:card\" content=\"summary_large_image\" \/>\n<meta name=\"twitter:label1\" content=\"Dur\u00e9e de lecture estim\u00e9e\" \/>\n\t<meta name=\"twitter:data1\" content=\"3 minutes\" \/>\n<script type=\"application\/ld+json\" class=\"yoast-schema-graph\">{\"@context\":\"https:\\\/\\\/schema.org\",\"@graph\":[{\"@type\":\"WebPage\",\"@id\":\"https:\\\/\\\/www.sauvegarde93.fr\\\/?etablissement=pole-accueil\\\/service-daccueil-durgence-et-dorientation\",\"url\":\"https:\\\/\\\/www.sauvegarde93.fr\\\/?etablissement=pole-accueil\\\/service-daccueil-durgence-et-dorientation\",\"name\":\"Service accueil urgence orientation jeunes 13 18 ans\",\"isPartOf\":{\"@id\":\"https:\\\/\\\/www.sauvegarde93.fr\\\/#website\"},\"primaryImageOfPage\":{\"@id\":\"https:\\\/\\\/www.sauvegarde93.fr\\\/?etablissement=pole-accueil\\\/service-daccueil-durgence-et-dorientation#primaryimage\"},\"image\":{\"@id\":\"https:\\\/\\\/www.sauvegarde93.fr\\\/?etablissement=pole-accueil\\\/service-daccueil-durgence-et-dorientation#primaryimage\"},\"thumbnailUrl\":\"https:\\\/\\\/www.sauvegarde93.fr\\\/wp-content\\\/uploads\\\/2024\\\/04\\\/Maison-SAUO-La-Courneuve-1024x874.jpg\",\"datePublished\":\"2024-04-09T12:50:06+00:00\",\"dateModified\":\"2026-02-18T15:57:07+00:00\",\"description\":\"Service d'accueil d'urgence, d'orientation et d'h\u00e9bergement pour les jeunes 13 \u00e0 18 ans en grande difficult\u00e9. A la Courneuve.\",\"breadcrumb\":{\"@id\":\"https:\\\/\\\/www.sauvegarde93.fr\\\/?etablissement=pole-accueil\\\/service-daccueil-durgence-et-dorientation#breadcrumb\"},\"inLanguage\":\"fr-FR\",\"potentialAction\":[{\"@type\":\"ReadAction\",\"target\":[\"https:\\\/\\\/www.sauvegarde93.fr\\\/?etablissement=pole-accueil\\\/service-daccueil-durgence-et-dorientation\"]}]},{\"@type\":\"ImageObject\",\"inLanguage\":\"fr-FR\",\"@id\":\"https:\\\/\\\/www.sauvegarde93.fr\\\/?etablissement=pole-accueil\\\/service-daccueil-durgence-et-dorientation#primaryimage\",\"url\":\"https:\\\/\\\/www.sauvegarde93.fr\\\/wp-content\\\/uploads\\\/2024\\\/04\\\/Maison-SAUO-La-Courneuve.jpg\",\"contentUrl\":\"https:\\\/\\\/www.sauvegarde93.fr\\\/wp-content\\\/uploads\\\/2024\\\/04\\\/Maison-SAUO-La-Courneuve.jpg\",\"width\":1944,\"height\":1660},{\"@type\":\"BreadcrumbList\",\"@id\":\"https:\\\/\\\/www.sauvegarde93.fr\\\/?etablissement=pole-accueil\\\/service-daccueil-durgence-et-dorientation#breadcrumb\",\"itemListElement\":[{\"@type\":\"ListItem\",\"position\":1,\"name\":\"Accueil\",\"item\":\"https:\\\/\\\/www.sauvegarde93.fr\\\/\"},{\"@type\":\"ListItem\",\"position\":2,\"name\":\"\u00c9tablissements\",\"item\":\"https:\\\/\\\/www.sauvegarde93.fr\\\/?post_type=etablissement\"},{\"@type\":\"ListItem\",\"position\":3,\"name\":\"P\u00f4le accueil\",\"item\":\"https:\\\/\\\/www.sauvegarde93.fr\\\/?etablissement=pole-accueil\"},{\"@type\":\"ListItem\",\"position\":4,\"name\":\"Service d\u2019accueil d\u2019urgence et d\u2019orientation\"}]},{\"@type\":\"WebSite\",\"@id\":\"https:\\\/\\\/www.sauvegarde93.fr\\\/#website\",\"url\":\"https:\\\/\\\/www.sauvegarde93.fr\\\/\",\"name\":\"Sauvegarde de Seine-Saint-Denis\",\"description\":\"Association de protection de l\u2019enfance, de l\u2019adolescence et de l\u2019adulte\",\"publisher\":{\"@id\":\"https:\\\/\\\/www.sauvegarde93.fr\\\/#organization\"},\"potentialAction\":[{\"@type\":\"SearchAction\",\"target\":{\"@type\":\"EntryPoint\",\"urlTemplate\":\"https:\\\/\\\/www.sauvegarde93.fr\\\/?s={search_term_string}\"},\"query-input\":{\"@type\":\"PropertyValueSpecification\",\"valueRequired\":true,\"valueName\":\"search_term_string\"}}],\"inLanguage\":\"fr-FR\"},{\"@type\":\"Organization\",\"@id\":\"https:\\\/\\\/www.sauvegarde93.fr\\\/#organization\",\"name\":\"Sauvegarde de Seine-Saint-Denis\",\"url\":\"https:\\\/\\\/www.sauvegarde93.fr\\\/\",\"logo\":{\"@type\":\"ImageObject\",\"inLanguage\":\"fr-FR\",\"@id\":\"https:\\\/\\\/www.sauvegarde93.fr\\\/#\\\/schema\\\/logo\\\/image\\\/\",\"url\":\"https:\\\/\\\/www.sauvegarde93.fr\\\/wp-content\\\/uploads\\\/2024\\\/04\\\/logo_S93.png\",\"contentUrl\":\"https:\\\/\\\/www.sauvegarde93.fr\\\/wp-content\\\/uploads\\\/2024\\\/04\\\/logo_S93.png\",\"width\":209,\"height\":92,\"caption\":\"Sauvegarde de Seine-Saint-Denis\"},\"image\":{\"@id\":\"https:\\\/\\\/www.sauvegarde93.fr\\\/#\\\/schema\\\/logo\\\/image\\\/\"},\"sameAs\":[\"https:\\\/\\\/www.linkedin.com\\\/company\\\/sauvegarde-de-seine-saint-denis\\\/\"]}]}<\/script>\n<!-- \/ Yoast SEO plugin. -->","yoast_head_json":{"title":"Service accueil urgence orientation jeunes 13 18 ans","description":"Service d'accueil d'urgence, d'orientation et d'h\u00e9bergement pour les jeunes 13 \u00e0 18 ans en grande difficult\u00e9. A la Courneuve.","robots":{"index":"index","follow":"follow","max-snippet":"max-snippet:-1","max-image-preview":"max-image-preview:large","max-video-preview":"max-video-preview:-1"},"canonical":"https:\/\/www.sauvegarde93.fr\/?etablissement=pole-accueil\/service-daccueil-durgence-et-dorientation","og_locale":"fr_FR","og_type":"article","og_title":"Service accueil urgence orientation jeunes 13 18 ans","og_description":"Service d'accueil d'urgence, d'orientation et d'h\u00e9bergement pour les jeunes 13 \u00e0 18 ans en grande difficult\u00e9. A la Courneuve.","og_url":"https:\/\/www.sauvegarde93.fr\/?etablissement=pole-accueil\/service-daccueil-durgence-et-dorientation","og_site_name":"Sauvegarde de Seine-Saint-Denis","article_modified_time":"2026-02-18T15:57:07+00:00","og_image":[{"width":1944,"height":1660,"url":"https:\/\/www.sauvegarde93.fr\/wp-content\/uploads\/2024\/04\/Maison-SAUO-La-Courneuve.jpg","type":"image\/jpeg"}],"twitter_card":"summary_large_image","twitter_misc":{"Dur\u00e9e de lecture estim\u00e9e":"3 minutes"},"schema":{"@context":"https:\/\/schema.org","@graph":[{"@type":"WebPage","@id":"https:\/\/www.sauvegarde93.fr\/?etablissement=pole-accueil\/service-daccueil-durgence-et-dorientation","url":"https:\/\/www.sauvegarde93.fr\/?etablissement=pole-accueil\/service-daccueil-durgence-et-dorientation","name":"Service accueil urgence orientation jeunes 13 18 ans","isPartOf":{"@id":"https:\/\/www.sauvegarde93.fr\/#website"},"primaryImageOfPage":{"@id":"https:\/\/www.sauvegarde93.fr\/?etablissement=pole-accueil\/service-daccueil-durgence-et-dorientation#primaryimage"},"image":{"@id":"https:\/\/www.sauvegarde93.fr\/?etablissement=pole-accueil\/service-daccueil-durgence-et-dorientation#primaryimage"},"thumbnailUrl":"https:\/\/www.sauvegarde93.fr\/wp-content\/uploads\/2024\/04\/Maison-SAUO-La-Courneuve-1024x874.jpg","datePublished":"2024-04-09T12:50:06+00:00","dateModified":"2026-02-18T15:57:07+00:00","description":"Service d'accueil d'urgence, d'orientation et d'h\u00e9bergement pour les jeunes 13 \u00e0 18 ans en grande difficult\u00e9. A la Courneuve.","breadcrumb":{"@id":"https:\/\/www.sauvegarde93.fr\/?etablissement=pole-accueil\/service-daccueil-durgence-et-dorientation#breadcrumb"},"inLanguage":"fr-FR","potentialAction":[{"@type":"ReadAction","target":["https:\/\/www.sauvegarde93.fr\/?etablissement=pole-accueil\/service-daccueil-durgence-et-dorientation"]}]},{"@type":"ImageObject","inLanguage":"fr-FR","@id":"https:\/\/www.sauvegarde93.fr\/?etablissement=pole-accueil\/service-daccueil-durgence-et-dorientation#primaryimage","url":"https:\/\/www.sauvegarde93.fr\/wp-content\/uploads\/2024\/04\/Maison-SAUO-La-Courneuve.jpg","contentUrl":"https:\/\/www.sauvegarde93.fr\/wp-content\/uploads\/2024\/04\/Maison-SAUO-La-Courneuve.jpg","width":1944,"height":1660},{"@type":"BreadcrumbList","@id":"https:\/\/www.sauvegarde93.fr\/?etablissement=pole-accueil\/service-daccueil-durgence-et-dorientation#breadcrumb","itemListElement":[{"@type":"ListItem","position":1,"name":"Accueil","item":"https:\/\/www.sauvegarde93.fr\/"},{"@type":"ListItem","position":2,"name":"\u00c9tablissements","item":"https:\/\/www.sauvegarde93.fr\/?post_type=etablissement"},{"@type":"ListItem","position":3,"name":"P\u00f4le accueil","item":"https:\/\/www.sauvegarde93.fr\/?etablissement=pole-accueil"},{"@type":"ListItem","position":4,"name":"Service d\u2019accueil d\u2019urgence et d\u2019orientation"}]},{"@type":"WebSite","@id":"https:\/\/www.sauvegarde93.fr\/#website","url":"https:\/\/www.sauvegarde93.fr\/","name":"Sauvegarde de Seine-Saint-Denis","description":"Association de protection de l\u2019enfance, de l\u2019adolescence et de l\u2019adulte","publisher":{"@id":"https:\/\/www.sauvegarde93.fr\/#organization"},"potentialAction":[{"@type":"SearchAction","target":{"@type":"EntryPoint","urlTemplate":"https:\/\/www.sauvegarde93.fr\/?s={search_term_string}"},"query-input":{"@type":"PropertyValueSpecification","valueRequired":true,"valueName":"search_term_string"}}],"inLanguage":"fr-FR"},{"@type":"Organization","@id":"https:\/\/www.sauvegarde93.fr\/#organization","name":"Sauvegarde de Seine-Saint-Denis","url":"https:\/\/www.sauvegarde93.fr\/","logo":{"@type":"ImageObject","inLanguage":"fr-FR","@id":"https:\/\/www.sauvegarde93.fr\/#\/schema\/logo\/image\/","url":"https:\/\/www.sauvegarde93.fr\/wp-content\/uploads\/2024\/04\/logo_S93.png","contentUrl":"https:\/\/www.sauvegarde93.fr\/wp-content\/uploads\/2024\/04\/logo_S93.png","width":209,"height":92,"caption":"Sauvegarde de Seine-Saint-Denis"},"image":{"@id":"https:\/\/www.sauvegarde93.fr\/#\/schema\/logo\/image\/"},"sameAs":["https:\/\/www.linkedin.com\/company\/sauvegarde-de-seine-saint-denis\/"]}]}},"_links":{"self":[{"href":"https:\/\/www.sauvegarde93.fr\/index.php?rest_route=\/wp\/v2\/etablissement\/1633","targetHints":{"allow":["GET"]}}],"collection":[{"href":"https:\/\/www.sauvegarde93.fr\/index.php?rest_route=\/wp\/v2\/etablissement"}],"about":[{"href":"https:\/\/www.sauvegarde93.fr\/index.php?rest_route=\/wp\/v2\/types\/etablissement"}],"up":[{"embeddable":true,"href":"https:\/\/www.sauvegarde93.fr\/index.php?rest_route=\/wp\/v2\/etablissement\/2538"}],"wp:attachment":[{"href":"https:\/\/www.sauvegarde93.fr\/index.php?rest_route=%2Fwp%2Fv2%2Fmedia&parent=1633"}],"wp:term":[{"taxonomy":"mission","embeddable":true,"href":"https:\/\/www.sauvegarde93.fr\/index.php?rest_route=%2Fwp%2Fv2%2Fmission&post=1633"},{"taxonomy":"pole","embeddable":true,"href":"https:\/\/www.sauvegarde93.fr\/index.php?rest_route=%2Fwp%2Fv2%2Fpole&post=1633"}],"curies":[{"name":"wp","href":"https:\/\/api.w.org\/{rel}","templated":true}]}}