{"id":6619,"date":"2026-02-18T15:55:25","date_gmt":"2026-02-18T15:55:25","guid":{"rendered":"https:\/\/www.sauvegarde93.fr\/?post_type=etablissement&#038;p=6619"},"modified":"2026-02-18T16:17:59","modified_gmt":"2026-02-18T16:17:59","slug":"pole-accueil-familial","status":"publish","type":"etablissement","link":"https:\/\/www.sauvegarde93.fr\/?etablissement=pole-accueil\/pole-accueil-familial","title":{"rendered":"Accueil familial"},"content":{"rendered":"\n<p><strong>Le p\u00f4le Accueil Familial est compos\u00e9 de trois services&nbsp;: le Placement Familial Sp\u00e9cialis\u00e9 (PFS), l\u2019Accueil Partag\u00e9 et l\u2019Unit\u00e9 d\u2019Accueil d\u2019Urgence.<\/strong><\/p>\n\n\n\n<p>Il s\u2019agit, dans le cadre d\u2019un accueil familial, de prot\u00e9ger l\u2019enfant et de lui garantir un cadre d\u2019accueil s\u00e9curisant et adapt\u00e9 \u00e0 ses besoins et de l\u2019accompagner dans son \u00e9volution vers l\u2019autonomie, de travailler au maintien ou \u00e0 la restauration des liens familiaux, de soutenir les parents dans leurs difficult\u00e9s et de les accompagner dans leur r\u00f4le \u00e9ducatif.<\/p>\n\n\n\n<p>Chaque fois que cela est possible nous envisageons le retour de l\u2019enfant dans sa famille. C&rsquo;est une des missions principales du p\u00f4le accueil familial. <\/p>\n\n\n\n<p>Le travail consiste \u00e9galement \u00e0 accompagner chacun (enfants et parents) \u00e0 trouver ou retrouver un positionnement en ad\u00e9quation avec sa place.<\/p>\n\n\n\n<p>En fonction des droits de la famille et de l\u2019enfant, les objectifs de ces trois services sont d\u2019accompagner la s\u00e9paration parents-enfants, quel que soit la cause qui fonde la mesure de placement.<\/p>\n\n\n\n<p>Notre p\u00f4le travaille en \u00e9troite collaboration avec le service <a href=\"https:\/\/seinesaintdenis.fr\/enfance-education-jeunesse\/prevention-et-protection-de-l-enfance\/article\/l-aide-sociale-a-l-enfance\">d&rsquo;Aide social \u00e0 l&rsquo;enfance du d\u00e9partement de Seine-Saint-Denis.<\/a><\/p>\n\n\n\n<p><strong>Direction du p\u00f4le&nbsp;: <a href=\"https:\/\/www.linkedin.com\/in\/adeline-braud-mensah-711899101?miniProfileUrn=urn%3Ali%3Afs_miniProfile%3AACoAABnwCb0Bg-SHFQjUkO3bxfpwDXSzGWH-94U&amp;lipi=urn%3Ali%3Apage%3Ad_flagship3_search_srp_all%3Bks%2FywdZ8Samsp7kShmLEdw%3D%3D\">Adeline BRAUD-MENSAH<\/a><\/strong><br><strong>235 avenue Jean Jaur\u00e8s \u2013 93000 Bobigny<\/strong><br><strong>Tel&nbsp;: 01 48 96 24 64 \/ 01 41 83 79 00<\/strong><br><strong>Mail&nbsp;: <a href=\"mailto:pfs@sauvegarde93.fr\">pfs@sauvegarde93.fr<\/a><\/strong><\/p>\n\n\n\n<h2 class=\"wp-block-heading\"><a href=\"https:\/\/www.sauvegarde93.fr\/?etablissement=pole-accueil\/pole-accueil-familial\/placement-familial-specialise\">Le Placement Familial Sp\u00e9cialis\u00e9<\/a><\/h2>\n\n\n\n<h2 class=\"wp-block-heading\"><a href=\"https:\/\/www.sauvegarde93.fr\/?etablissement=pole-accueil\/pole-accueil-familial\/accueil-partage-pole-accueil-familial\">L\u2019Accueil Partag\u00e9<\/a><\/h2>\n\n\n\n<h2 class=\"wp-block-heading\"><a href=\"https:\/\/www.sauvegarde93.fr\/?etablissement=pole-accueil\/pole-accueil-familial\/accueil-partage-unite-daccueil-durgence\">Unit\u00e9 d\u2019Accueil d\u2019Urgence<\/a><\/h2>\n","protected":false},"excerpt":{"rendered":"<p>Le p\u00f4le Accueil Familial est compos\u00e9 de trois services&nbsp;: le Placement Familial Sp\u00e9cialis\u00e9 (PFS), l\u2019Accueil Partag\u00e9 et l\u2019Unit\u00e9 d\u2019Accueil d\u2019Urgence. Il s\u2019agit, dans le cadre d\u2019un accueil familial, de prot\u00e9ger l\u2019enfant et de lui garantir un cadre d\u2019accueil s\u00e9curisant et adapt\u00e9 \u00e0 ses besoins et de l\u2019accompagner dans son \u00e9volution vers l\u2019autonomie, de travailler au &#8230; <a title=\"Accueil familial\" class=\"read-more\" href=\"https:\/\/www.sauvegarde93.fr\/?etablissement=pole-accueil\/pole-accueil-familial\" aria-label=\"En savoir plus sur Accueil familial\">Lire la suite<\/a><\/p>\n","protected":false},"featured_media":0,"parent":2538,"menu_order":0,"template":"","format":"standard","meta":{"_acf_changed":false},"mission":[],"pole":[],"class_list":["post-6619","etablissement","type-etablissement","status-publish","format-standard","hentry"],"acf":[],"yoast_head":"<!-- This site is optimized with the Yoast SEO plugin v27.3 - https:\/\/yoast.com\/product\/yoast-seo-wordpress\/ -->\n<title>Accueil familial - Sauvegarde de Seine-Saint-Denis<\/title>\n<meta name=\"robots\" content=\"index, follow, max-snippet:-1, max-image-preview:large, max-video-preview:-1\" \/>\n<link rel=\"canonical\" href=\"https:\/\/www.sauvegarde93.fr\/?etablissement=pole-accueil\/pole-accueil-familial\" \/>\n<meta property=\"og:locale\" content=\"fr_FR\" \/>\n<meta property=\"og:type\" content=\"article\" \/>\n<meta property=\"og:title\" content=\"Accueil familial - Sauvegarde de Seine-Saint-Denis\" \/>\n<meta property=\"og:description\" content=\"Le p\u00f4le Accueil Familial est compos\u00e9 de trois services&nbsp;: le Placement Familial Sp\u00e9cialis\u00e9 (PFS), l\u2019Accueil Partag\u00e9 et l\u2019Unit\u00e9 d\u2019Accueil d\u2019Urgence. Il s\u2019agit, dans le cadre d\u2019un accueil familial, de prot\u00e9ger l\u2019enfant et de lui garantir un cadre d\u2019accueil s\u00e9curisant et adapt\u00e9 \u00e0 ses besoins et de l\u2019accompagner dans son \u00e9volution vers l\u2019autonomie, de travailler au ... Lire la suite\" \/>\n<meta property=\"og:url\" content=\"https:\/\/www.sauvegarde93.fr\/?etablissement=pole-accueil\/pole-accueil-familial\" \/>\n<meta property=\"og:site_name\" content=\"Sauvegarde de Seine-Saint-Denis\" \/>\n<meta property=\"article:modified_time\" content=\"2026-02-18T16:17:59+00:00\" \/>\n<meta name=\"twitter:card\" content=\"summary_large_image\" \/>\n<meta name=\"twitter:label1\" content=\"Dur\u00e9e de lecture estim\u00e9e\" \/>\n\t<meta name=\"twitter:data1\" content=\"2 minutes\" \/>\n<script type=\"application\/ld+json\" class=\"yoast-schema-graph\">{\"@context\":\"https:\\\/\\\/schema.org\",\"@graph\":[{\"@type\":\"WebPage\",\"@id\":\"https:\\\/\\\/www.sauvegarde93.fr\\\/?etablissement=pole-accueil\\\/pole-accueil-familial\",\"url\":\"https:\\\/\\\/www.sauvegarde93.fr\\\/?etablissement=pole-accueil\\\/pole-accueil-familial\",\"name\":\"Accueil familial - Sauvegarde de Seine-Saint-Denis\",\"isPartOf\":{\"@id\":\"https:\\\/\\\/www.sauvegarde93.fr\\\/#website\"},\"datePublished\":\"2026-02-18T15:55:25+00:00\",\"dateModified\":\"2026-02-18T16:17:59+00:00\",\"breadcrumb\":{\"@id\":\"https:\\\/\\\/www.sauvegarde93.fr\\\/?etablissement=pole-accueil\\\/pole-accueil-familial#breadcrumb\"},\"inLanguage\":\"fr-FR\",\"potentialAction\":[{\"@type\":\"ReadAction\",\"target\":[\"https:\\\/\\\/www.sauvegarde93.fr\\\/?etablissement=pole-accueil\\\/pole-accueil-familial\"]}]},{\"@type\":\"BreadcrumbList\",\"@id\":\"https:\\\/\\\/www.sauvegarde93.fr\\\/?etablissement=pole-accueil\\\/pole-accueil-familial#breadcrumb\",\"itemListElement\":[{\"@type\":\"ListItem\",\"position\":1,\"name\":\"Accueil\",\"item\":\"https:\\\/\\\/www.sauvegarde93.fr\\\/\"},{\"@type\":\"ListItem\",\"position\":2,\"name\":\"\u00c9tablissements\",\"item\":\"https:\\\/\\\/www.sauvegarde93.fr\\\/?post_type=etablissement\"},{\"@type\":\"ListItem\",\"position\":3,\"name\":\"P\u00f4le accueil\",\"item\":\"https:\\\/\\\/www.sauvegarde93.fr\\\/?etablissement=pole-accueil\"},{\"@type\":\"ListItem\",\"position\":4,\"name\":\"Accueil familial\"}]},{\"@type\":\"WebSite\",\"@id\":\"https:\\\/\\\/www.sauvegarde93.fr\\\/#website\",\"url\":\"https:\\\/\\\/www.sauvegarde93.fr\\\/\",\"name\":\"Sauvegarde de Seine-Saint-Denis\",\"description\":\"Association de protection de l\u2019enfance, de l\u2019adolescence et de l\u2019adulte\",\"publisher\":{\"@id\":\"https:\\\/\\\/www.sauvegarde93.fr\\\/#organization\"},\"potentialAction\":[{\"@type\":\"SearchAction\",\"target\":{\"@type\":\"EntryPoint\",\"urlTemplate\":\"https:\\\/\\\/www.sauvegarde93.fr\\\/?s={search_term_string}\"},\"query-input\":{\"@type\":\"PropertyValueSpecification\",\"valueRequired\":true,\"valueName\":\"search_term_string\"}}],\"inLanguage\":\"fr-FR\"},{\"@type\":\"Organization\",\"@id\":\"https:\\\/\\\/www.sauvegarde93.fr\\\/#organization\",\"name\":\"Sauvegarde de Seine-Saint-Denis\",\"url\":\"https:\\\/\\\/www.sauvegarde93.fr\\\/\",\"logo\":{\"@type\":\"ImageObject\",\"inLanguage\":\"fr-FR\",\"@id\":\"https:\\\/\\\/www.sauvegarde93.fr\\\/#\\\/schema\\\/logo\\\/image\\\/\",\"url\":\"https:\\\/\\\/www.sauvegarde93.fr\\\/wp-content\\\/uploads\\\/2024\\\/04\\\/logo_S93.png\",\"contentUrl\":\"https:\\\/\\\/www.sauvegarde93.fr\\\/wp-content\\\/uploads\\\/2024\\\/04\\\/logo_S93.png\",\"width\":209,\"height\":92,\"caption\":\"Sauvegarde de Seine-Saint-Denis\"},\"image\":{\"@id\":\"https:\\\/\\\/www.sauvegarde93.fr\\\/#\\\/schema\\\/logo\\\/image\\\/\"},\"sameAs\":[\"https:\\\/\\\/www.linkedin.com\\\/company\\\/sauvegarde-de-seine-saint-denis\\\/\"]}]}<\/script>\n<!-- \/ Yoast SEO plugin. -->","yoast_head_json":{"title":"Accueil familial - Sauvegarde de Seine-Saint-Denis","robots":{"index":"index","follow":"follow","max-snippet":"max-snippet:-1","max-image-preview":"max-image-preview:large","max-video-preview":"max-video-preview:-1"},"canonical":"https:\/\/www.sauvegarde93.fr\/?etablissement=pole-accueil\/pole-accueil-familial","og_locale":"fr_FR","og_type":"article","og_title":"Accueil familial - Sauvegarde de Seine-Saint-Denis","og_description":"Le p\u00f4le Accueil Familial est compos\u00e9 de trois services&nbsp;: le Placement Familial Sp\u00e9cialis\u00e9 (PFS), l\u2019Accueil Partag\u00e9 et l\u2019Unit\u00e9 d\u2019Accueil d\u2019Urgence. Il s\u2019agit, dans le cadre d\u2019un accueil familial, de prot\u00e9ger l\u2019enfant et de lui garantir un cadre d\u2019accueil s\u00e9curisant et adapt\u00e9 \u00e0 ses besoins et de l\u2019accompagner dans son \u00e9volution vers l\u2019autonomie, de travailler au ... Lire la suite","og_url":"https:\/\/www.sauvegarde93.fr\/?etablissement=pole-accueil\/pole-accueil-familial","og_site_name":"Sauvegarde de Seine-Saint-Denis","article_modified_time":"2026-02-18T16:17:59+00:00","twitter_card":"summary_large_image","twitter_misc":{"Dur\u00e9e de lecture estim\u00e9e":"2 minutes"},"schema":{"@context":"https:\/\/schema.org","@graph":[{"@type":"WebPage","@id":"https:\/\/www.sauvegarde93.fr\/?etablissement=pole-accueil\/pole-accueil-familial","url":"https:\/\/www.sauvegarde93.fr\/?etablissement=pole-accueil\/pole-accueil-familial","name":"Accueil familial - Sauvegarde de Seine-Saint-Denis","isPartOf":{"@id":"https:\/\/www.sauvegarde93.fr\/#website"},"datePublished":"2026-02-18T15:55:25+00:00","dateModified":"2026-02-18T16:17:59+00:00","breadcrumb":{"@id":"https:\/\/www.sauvegarde93.fr\/?etablissement=pole-accueil\/pole-accueil-familial#breadcrumb"},"inLanguage":"fr-FR","potentialAction":[{"@type":"ReadAction","target":["https:\/\/www.sauvegarde93.fr\/?etablissement=pole-accueil\/pole-accueil-familial"]}]},{"@type":"BreadcrumbList","@id":"https:\/\/www.sauvegarde93.fr\/?etablissement=pole-accueil\/pole-accueil-familial#breadcrumb","itemListElement":[{"@type":"ListItem","position":1,"name":"Accueil","item":"https:\/\/www.sauvegarde93.fr\/"},{"@type":"ListItem","position":2,"name":"\u00c9tablissements","item":"https:\/\/www.sauvegarde93.fr\/?post_type=etablissement"},{"@type":"ListItem","position":3,"name":"P\u00f4le accueil","item":"https:\/\/www.sauvegarde93.fr\/?etablissement=pole-accueil"},{"@type":"ListItem","position":4,"name":"Accueil familial"}]},{"@type":"WebSite","@id":"https:\/\/www.sauvegarde93.fr\/#website","url":"https:\/\/www.sauvegarde93.fr\/","name":"Sauvegarde de Seine-Saint-Denis","description":"Association de protection de l\u2019enfance, de l\u2019adolescence et de l\u2019adulte","publisher":{"@id":"https:\/\/www.sauvegarde93.fr\/#organization"},"potentialAction":[{"@type":"SearchAction","target":{"@type":"EntryPoint","urlTemplate":"https:\/\/www.sauvegarde93.fr\/?s={search_term_string}"},"query-input":{"@type":"PropertyValueSpecification","valueRequired":true,"valueName":"search_term_string"}}],"inLanguage":"fr-FR"},{"@type":"Organization","@id":"https:\/\/www.sauvegarde93.fr\/#organization","name":"Sauvegarde de Seine-Saint-Denis","url":"https:\/\/www.sauvegarde93.fr\/","logo":{"@type":"ImageObject","inLanguage":"fr-FR","@id":"https:\/\/www.sauvegarde93.fr\/#\/schema\/logo\/image\/","url":"https:\/\/www.sauvegarde93.fr\/wp-content\/uploads\/2024\/04\/logo_S93.png","contentUrl":"https:\/\/www.sauvegarde93.fr\/wp-content\/uploads\/2024\/04\/logo_S93.png","width":209,"height":92,"caption":"Sauvegarde de Seine-Saint-Denis"},"image":{"@id":"https:\/\/www.sauvegarde93.fr\/#\/schema\/logo\/image\/"},"sameAs":["https:\/\/www.linkedin.com\/company\/sauvegarde-de-seine-saint-denis\/"]}]}},"_links":{"self":[{"href":"https:\/\/www.sauvegarde93.fr\/index.php?rest_route=\/wp\/v2\/etablissement\/6619","targetHints":{"allow":["GET"]}}],"collection":[{"href":"https:\/\/www.sauvegarde93.fr\/index.php?rest_route=\/wp\/v2\/etablissement"}],"about":[{"href":"https:\/\/www.sauvegarde93.fr\/index.php?rest_route=\/wp\/v2\/types\/etablissement"}],"up":[{"embeddable":true,"href":"https:\/\/www.sauvegarde93.fr\/index.php?rest_route=\/wp\/v2\/etablissement\/2538"}],"wp:attachment":[{"href":"https:\/\/www.sauvegarde93.fr\/index.php?rest_route=%2Fwp%2Fv2%2Fmedia&parent=6619"}],"wp:term":[{"taxonomy":"mission","embeddable":true,"href":"https:\/\/www.sauvegarde93.fr\/index.php?rest_route=%2Fwp%2Fv2%2Fmission&post=6619"},{"taxonomy":"pole","embeddable":true,"href":"https:\/\/www.sauvegarde93.fr\/index.php?rest_route=%2Fwp%2Fv2%2Fpole&post=6619"}],"curies":[{"name":"wp","href":"https:\/\/api.w.org\/{rel}","templated":true}]}}